{"id":136,"date":"2019-06-28T11:43:54","date_gmt":"2019-06-28T09:43:54","guid":{"rendered":"https:\/\/labarraca1912.es\/?post_type=product&#038;p=136"},"modified":"2026-01-28T09:48:00","modified_gmt":"2026-01-28T08:48:00","slug":"especiero-de-madera-10-tarros-de-cristal","status":"publish","type":"product","link":"https:\/\/labarraca1912.es\/fr\/tienda\/productos-complementarios\/especiero-de-madera-10-tarros-de-cristal\/","title":{"rendered":"\u00c9tag\u00e8re 10 Flacons en Verre"},"content":{"rendered":"<p>ESPECIERO DE MADERA &#8211; 10 TARROS DE CRISTAL: Especiero de madera compuesto por 10 tarros de cristal con las hierbas, especias y condimentos m\u00e1s usados en la cocina espa\u00f1ola. Se trata de un producto perfecto para regalar o para tener en cualquier cocina, puesto que a su gran variedad de productos es aplicable para m\u00faltiples comidas, as\u00ed como su especiero para tener los tarros perfectamente ordenados.<\/p>\n<p><strong>Piment de Cayenne:<\/strong>\u00a0Utilis\u00e9 pour obtenir des saveurs \u00e9pic\u00e9es. Utilis\u00e9 dans les rago\u00fbts, les crevettes \u00e0 l'ail, les escargots ou les haricots bouillis<\/p>\n<p><strong>Colorant Alimentaire:<\/strong> Il ajoute de la couleur et de la saveur aux aliments, utilis\u00e9 dans le riz, les soupes et les rago\u00fbts.<\/p>\n<p><strong>Thym:<\/strong> Plante tr\u00e8s aromatique qui rehausse la saveur des plats de gibier, des r\u00f4tis, des sauces, des viandes et des p\u00e2tes.<\/p>\n<p><strong>Poivre Noir Moulu:<\/strong> Es el grano maduro de la pimienta. Usada en multitud de guisos, as\u00ed como en carnes asadas o a la parrilla, sopas, adobados&#8230;<\/p>\n<p><strong>Piment Doux:<\/strong> Broyer le poivron rouge. Il donne une teinte rouge\u00e2tre, une saveur et un ar\u00f4me caract\u00e9ristique aux aliments.<\/p>\n<p><strong>Persil:<\/strong> C'est l'herbe la plus utilis\u00e9e au monde, en raison de sa saveur et de son ar\u00f4me discrets. Il est utilis\u00e9 dans le riz, les soupes, les fruits de mer, les r\u00f4tis, les sauces et les jus.<\/p>\n<p><strong>Cumin Moulu:<\/strong> Il conf\u00e8re un ar\u00f4me fort et une saveur caract\u00e9ristique aux rago\u00fbts, en rehaussant toutes les saveurs. Utilis\u00e9 dans les cornichons, les l\u00e9gumes frits, les sauces et les rago\u00fbts de viande.<\/p>\n<p><strong>Origan:<\/strong> Vinaigrette appropri\u00e9e pour pizzas, p\u00e2tes, viandes grill\u00e9es, marinade d'olives. Une utilisation mod\u00e9r\u00e9e est recommand\u00e9e en raison de son ar\u00f4me intense.<\/p>\n<p><strong>Cannelle Moulue:<\/strong> La cannelle en b\u00e2ton ou moulue est une note aromatique et aromatisante dans de nombreux desserts et g\u00e2teaux sucr\u00e9s.<\/p>\n<p><strong>Ail en Grain:<\/strong> Una forma f\u00e1cil y limpia de utilizar el ajo en tus comidas. En polvo, granulado, astillado&#8230; como mejor se adapte a tu receta.<\/p>","protected":false},"excerpt":{"rendered":"<blockquote>\n<h2><strong>\u00c9tag\u00e8re<\/strong>\u00a010 Flacons en Verre<\/h2>\n<\/blockquote>\n<p>\u00c9tag\u00e8re \u00e0 \u00e9pices en bois compos\u00e9e de 10 flacons en verre contenant les herbes, \u00e9pices et condiments les plus utilis\u00e9s dans la cuisine espagnole. C'est un produit parfait \u00e0 offrir ou \u00e0 avoir dans n'importe quelle cuisine, puisque sa grande vari\u00e9t\u00e9 de produits est applicable pour plusieurs repas, ainsi que son \u00e9tag\u00e8re \u00e0 \u00e9pices pour garder les bocaux parfaitement organis\u00e9s.<\/p>\n<p><em><strong>PACK COMPOS\u00c9 DE:<\/strong><\/em><\/p>\n<ul>\n<li><strong>Piment de Cayenne 12g<\/strong>\n<ul>\n<li><em><strong>Ingr\u00e9dients:<\/strong><\/em> Piment de cayenne.<\/li>\n<\/ul>\n<\/li>\n<li><strong>Colorant Alimentaire 50g<\/strong>\n<ul>\n<li><em><strong>Ingr\u00e9dients:<\/strong> <\/em>Farine de ma\u00efs, sel et colorant : Tartrazine E-102. Peut contenir des traces de <strong>SOJA<\/strong>. \u00abColorante E-102: puede tener efectos negativos sobre la actividad y la atenci\u00f3n de los ni\u00f1os\u00bb.<\/li>\n<\/ul>\n<\/li>\n<li><strong>Thym 16g<\/strong>\n<ul>\n<li><em><strong>Ingr\u00e9dients:<\/strong><\/em> Thym feuilles.<\/li>\n<\/ul>\n<\/li>\n<li><strong>Poivre Noir Moulu 40g<\/strong>\n<ul>\n<li><em><strong>Ingr\u00e9dients:<\/strong><\/em> Poivre noir moulu.<\/li>\n<\/ul>\n<\/li>\n<li><strong>Piment Doux 40g<\/strong>\n<ul>\n<li><em><strong>Ingr\u00e9dients:<\/strong><\/em> Piment doux.<\/li>\n<\/ul>\n<\/li>\n<li><strong>Persil 10g<\/strong>\n<ul>\n<li><em><strong>Ingr\u00e9dients:<\/strong><\/em> Persil feuilles. Peut contenir des traces de <strong>C\u00c9LERI, GLUTEN et MOUTARDE.<\/strong><\/li>\n<\/ul>\n<\/li>\n<li><strong>Cumin Moulu 32g<\/strong>\n<ul>\n<li><em><strong>Ingr\u00e9dients:<\/strong><\/em> Cumin moulu. Peut contenir des traces de <strong>GLUTEN, S\u00c9SAME, MOUTARDE et C\u00c9LERI.<\/strong><\/li>\n<\/ul>\n<\/li>\n<li><strong>Origan 8g<\/strong>\n<ul>\n<li><em><strong>Ingr\u00e9dients:<\/strong><\/em> Origan feuilles.<\/li>\n<\/ul>\n<\/li>\n<li><strong>Cannelle Moulue 30g<\/strong>\n<ul>\n<li><em><strong>Ingr\u00e9dients:<\/strong><\/em> Cannelle moulue.<\/li>\n<\/ul>\n<\/li>\n<li><strong>Ail en Grain 50g<\/strong>\n<ul>\n<li><em><strong>Ingr\u00e9dients:<\/strong><\/em> Ail en grain. Peut contenir des traces de <strong>SULFITES et ARACHIDE.<\/strong> Fermez herm\u00e9tiquement le r\u00e9cipient pour \u00e9viter qu'il ne s'agglutine.<\/li>\n<\/ul>\n<\/li>\n<\/ul>","protected":false},"featured_media":11093,"comment_status":"open","ping_status":"closed","template":"","meta":{"_et_pb_use_builder":"","_et_pb_old_content":"","_et_gb_content_width":""},"product_brand":[],"product_cat":[19,215,15],"product_tag":[51,38,47,48,49,40,50],"class_list":{"0":"post-136","1":"product","2":"type-product","3":"status-publish","4":"has-post-thumbnail","6":"product_cat-especias-y-condimentos","7":"product_cat-packs-regalo","8":"product_cat-productos-complementarios","9":"product_tag-cocina","10":"product_tag-colorante","11":"product_tag-especias","12":"product_tag-oregano","13":"product_tag-perejil","14":"product_tag-pimenton","15":"product_tag-pimienta","17":"first","18":"outofstock","19":"taxable","20":"shipping-taxable","21":"purchasable","22":"product-type-simple"},"yoast_head":"<!-- This site is optimized with the Yoast SEO plugin v27.5 - https:\/\/yoast.com\/product\/yoast-seo-wordpress\/ -->\n<title>Comprar Especiero de Madera con 10 Tarros de Cristal<\/title>\n<meta name=\"description\" content=\"Organiza tus especias con estilo con el Especiero de Madera de La Barraca. Incluye 10 tarros de cristal con condimentos cl\u00e1sicos para cocinar platos llenos de sabor.\" \/>\n<meta name=\"robots\" content=\"index, follow, max-snippet:-1, max-image-preview:large, max-video-preview:-1\" \/>\n<link rel=\"canonical\" href=\"https:\/\/labarraca1912.es\/fr\/tienda\/productos-complementarios\/especiero-de-madera-10-tarros-de-cristal\/\" \/>\n<meta property=\"og:locale\" content=\"fr_FR\" \/>\n<meta property=\"og:type\" content=\"article\" \/>\n<meta property=\"og:title\" content=\"Comprar Especiero de Madera con 10 Tarros de Cristal\" \/>\n<meta property=\"og:description\" content=\"Organiza tus especias con estilo con el Especiero de Madera de La Barraca. Incluye 10 tarros de cristal con condimentos cl\u00e1sicos para cocinar platos llenos de sabor.\" \/>\n<meta property=\"og:url\" content=\"https:\/\/labarraca1912.es\/fr\/tienda\/productos-complementarios\/especiero-de-madera-10-tarros-de-cristal\/\" \/>\n<meta property=\"og:site_name\" content=\"La Barraca\" \/>\n<meta property=\"article:modified_time\" content=\"2026-01-28T08:48:00+00:00\" \/>\n<meta property=\"og:image\" content=\"https:\/\/labarraca1912.es\/wp-content\/uploads\/especiero10tc2024.jpg\" \/>\n\t<meta property=\"og:image:width\" content=\"800\" \/>\n\t<meta property=\"og:image:height\" content=\"800\" \/>\n\t<meta property=\"og:image:type\" content=\"image\/jpeg\" \/>\n<meta name=\"twitter:card\" content=\"summary_large_image\" \/>\n<meta name=\"twitter:label1\" content=\"Dur\u00e9e de lecture estim\u00e9e\" \/>\n\t<meta name=\"twitter:data1\" content=\"2 minutes\" \/>\n<script type=\"application\/ld+json\" class=\"yoast-schema-graph\">{\"@context\":\"https:\\\/\\\/schema.org\",\"@graph\":[{\"@type\":\"WebPage\",\"@id\":\"https:\\\/\\\/labarraca1912.es\\\/tienda\\\/productos-complementarios\\\/especiero-de-madera-10-tarros-de-cristal\\\/\",\"url\":\"https:\\\/\\\/labarraca1912.es\\\/tienda\\\/productos-complementarios\\\/especiero-de-madera-10-tarros-de-cristal\\\/\",\"name\":\"Comprar Especiero de Madera con 10 Tarros de Cristal\",\"isPartOf\":{\"@id\":\"https:\\\/\\\/labarraca1912.es\\\/#website\"},\"primaryImageOfPage\":{\"@id\":\"https:\\\/\\\/labarraca1912.es\\\/tienda\\\/productos-complementarios\\\/especiero-de-madera-10-tarros-de-cristal\\\/#primaryimage\"},\"image\":{\"@id\":\"https:\\\/\\\/labarraca1912.es\\\/tienda\\\/productos-complementarios\\\/especiero-de-madera-10-tarros-de-cristal\\\/#primaryimage\"},\"thumbnailUrl\":\"https:\\\/\\\/labarraca1912.es\\\/wp-content\\\/uploads\\\/especiero10tc2024.jpg\",\"datePublished\":\"2019-06-28T09:43:54+00:00\",\"dateModified\":\"2026-01-28T08:48:00+00:00\",\"description\":\"Organiza tus especias con estilo con el Especiero de Madera de La Barraca. Incluye 10 tarros de cristal con condimentos cl\u00e1sicos para cocinar platos llenos de sabor.\",\"breadcrumb\":{\"@id\":\"https:\\\/\\\/labarraca1912.es\\\/tienda\\\/productos-complementarios\\\/especiero-de-madera-10-tarros-de-cristal\\\/#breadcrumb\"},\"inLanguage\":\"fr-FR\",\"potentialAction\":[{\"@type\":\"ReadAction\",\"target\":[\"https:\\\/\\\/labarraca1912.es\\\/tienda\\\/productos-complementarios\\\/especiero-de-madera-10-tarros-de-cristal\\\/\"]}]},{\"@type\":\"ImageObject\",\"inLanguage\":\"fr-FR\",\"@id\":\"https:\\\/\\\/labarraca1912.es\\\/tienda\\\/productos-complementarios\\\/especiero-de-madera-10-tarros-de-cristal\\\/#primaryimage\",\"url\":\"https:\\\/\\\/labarraca1912.es\\\/wp-content\\\/uploads\\\/especiero10tc2024.jpg\",\"contentUrl\":\"https:\\\/\\\/labarraca1912.es\\\/wp-content\\\/uploads\\\/especiero10tc2024.jpg\",\"width\":800,\"height\":800},{\"@type\":\"BreadcrumbList\",\"@id\":\"https:\\\/\\\/labarraca1912.es\\\/tienda\\\/productos-complementarios\\\/especiero-de-madera-10-tarros-de-cristal\\\/#breadcrumb\",\"itemListElement\":[{\"@type\":\"ListItem\",\"position\":1,\"name\":\"La Barraca\",\"item\":\"https:\\\/\\\/labarraca1912.es\\\/\"},{\"@type\":\"ListItem\",\"position\":2,\"name\":\"Tienda\",\"item\":\"https:\\\/\\\/labarraca1912.es\\\/tienda\\\/\"},{\"@type\":\"ListItem\",\"position\":3,\"name\":\"Especiero de Madera 10 Tarros de Cristal\"}]},{\"@type\":\"WebSite\",\"@id\":\"https:\\\/\\\/labarraca1912.es\\\/#website\",\"url\":\"https:\\\/\\\/labarraca1912.es\\\/\",\"name\":\"La Barraca\",\"description\":\"La Casa del Sabor\",\"publisher\":{\"@id\":\"https:\\\/\\\/labarraca1912.es\\\/#organization\"},\"potentialAction\":[{\"@type\":\"SearchAction\",\"target\":{\"@type\":\"EntryPoint\",\"urlTemplate\":\"https:\\\/\\\/labarraca1912.es\\\/?s={search_term_string}\"},\"query-input\":{\"@type\":\"PropertyValueSpecification\",\"valueRequired\":true,\"valueName\":\"search_term_string\"}}],\"inLanguage\":\"fr-FR\"},{\"@type\":\"Organization\",\"@id\":\"https:\\\/\\\/labarraca1912.es\\\/#organization\",\"name\":\"La Barraca 1912 Alimentacion\",\"url\":\"https:\\\/\\\/labarraca1912.es\\\/\",\"logo\":{\"@type\":\"ImageObject\",\"inLanguage\":\"fr-FR\",\"@id\":\"https:\\\/\\\/labarraca1912.es\\\/#\\\/schema\\\/logo\\\/image\\\/\",\"url\":\"https:\\\/\\\/labarraca1912.es\\\/wp-content\\\/uploads\\\/2019\\\/06\\\/logo-labarraca.png\",\"contentUrl\":\"https:\\\/\\\/labarraca1912.es\\\/wp-content\\\/uploads\\\/2019\\\/06\\\/logo-labarraca.png\",\"width\":2917,\"height\":1809,\"caption\":\"La Barraca 1912 Alimentacion\"},\"image\":{\"@id\":\"https:\\\/\\\/labarraca1912.es\\\/#\\\/schema\\\/logo\\\/image\\\/\"}}]}<\/script>\n<!-- \/ Yoast SEO plugin. -->","yoast_head_json":{"title":"Comprar Especiero de Madera con 10 Tarros de Cristal","description":"Organiza tus especias con estilo con el Especiero de Madera de La Barraca. Incluye 10 tarros de cristal con condimentos cl\u00e1sicos para cocinar platos llenos de sabor.","robots":{"index":"index","follow":"follow","max-snippet":"max-snippet:-1","max-image-preview":"max-image-preview:large","max-video-preview":"max-video-preview:-1"},"canonical":"https:\/\/labarraca1912.es\/fr\/tienda\/productos-complementarios\/especiero-de-madera-10-tarros-de-cristal\/","og_locale":"fr_FR","og_type":"article","og_title":"Comprar Especiero de Madera con 10 Tarros de Cristal","og_description":"Organiza tus especias con estilo con el Especiero de Madera de La Barraca. Incluye 10 tarros de cristal con condimentos cl\u00e1sicos para cocinar platos llenos de sabor.","og_url":"https:\/\/labarraca1912.es\/fr\/tienda\/productos-complementarios\/especiero-de-madera-10-tarros-de-cristal\/","og_site_name":"La Barraca","article_modified_time":"2026-01-28T08:48:00+00:00","og_image":[{"width":800,"height":800,"url":"https:\/\/labarraca1912.es\/wp-content\/uploads\/especiero10tc2024.jpg","type":"image\/jpeg"}],"twitter_card":"summary_large_image","twitter_misc":{"Dur\u00e9e de lecture estim\u00e9e":"2 minutes"},"schema":{"@context":"https:\/\/schema.org","@graph":[{"@type":"WebPage","@id":"https:\/\/labarraca1912.es\/tienda\/productos-complementarios\/especiero-de-madera-10-tarros-de-cristal\/","url":"https:\/\/labarraca1912.es\/tienda\/productos-complementarios\/especiero-de-madera-10-tarros-de-cristal\/","name":"Comprar Especiero de Madera con 10 Tarros de Cristal","isPartOf":{"@id":"https:\/\/labarraca1912.es\/#website"},"primaryImageOfPage":{"@id":"https:\/\/labarraca1912.es\/tienda\/productos-complementarios\/especiero-de-madera-10-tarros-de-cristal\/#primaryimage"},"image":{"@id":"https:\/\/labarraca1912.es\/tienda\/productos-complementarios\/especiero-de-madera-10-tarros-de-cristal\/#primaryimage"},"thumbnailUrl":"https:\/\/labarraca1912.es\/wp-content\/uploads\/especiero10tc2024.jpg","datePublished":"2019-06-28T09:43:54+00:00","dateModified":"2026-01-28T08:48:00+00:00","description":"Organiza tus especias con estilo con el Especiero de Madera de La Barraca. Incluye 10 tarros de cristal con condimentos cl\u00e1sicos para cocinar platos llenos de sabor.","breadcrumb":{"@id":"https:\/\/labarraca1912.es\/tienda\/productos-complementarios\/especiero-de-madera-10-tarros-de-cristal\/#breadcrumb"},"inLanguage":"fr-FR","potentialAction":[{"@type":"ReadAction","target":["https:\/\/labarraca1912.es\/tienda\/productos-complementarios\/especiero-de-madera-10-tarros-de-cristal\/"]}]},{"@type":"ImageObject","inLanguage":"fr-FR","@id":"https:\/\/labarraca1912.es\/tienda\/productos-complementarios\/especiero-de-madera-10-tarros-de-cristal\/#primaryimage","url":"https:\/\/labarraca1912.es\/wp-content\/uploads\/especiero10tc2024.jpg","contentUrl":"https:\/\/labarraca1912.es\/wp-content\/uploads\/especiero10tc2024.jpg","width":800,"height":800},{"@type":"BreadcrumbList","@id":"https:\/\/labarraca1912.es\/tienda\/productos-complementarios\/especiero-de-madera-10-tarros-de-cristal\/#breadcrumb","itemListElement":[{"@type":"ListItem","position":1,"name":"La Barraca","item":"https:\/\/labarraca1912.es\/"},{"@type":"ListItem","position":2,"name":"Tienda","item":"https:\/\/labarraca1912.es\/tienda\/"},{"@type":"ListItem","position":3,"name":"Especiero de Madera 10 Tarros de Cristal"}]},{"@type":"WebSite","@id":"https:\/\/labarraca1912.es\/#website","url":"https:\/\/labarraca1912.es\/","name":"La Barraca","description":"La Casa del Sabor","publisher":{"@id":"https:\/\/labarraca1912.es\/#organization"},"potentialAction":[{"@type":"SearchAction","target":{"@type":"EntryPoint","urlTemplate":"https:\/\/labarraca1912.es\/?s={search_term_string}"},"query-input":{"@type":"PropertyValueSpecification","valueRequired":true,"valueName":"search_term_string"}}],"inLanguage":"fr-FR"},{"@type":"Organization","@id":"https:\/\/labarraca1912.es\/#organization","name":"La Barraca 1912 Alimentacion","url":"https:\/\/labarraca1912.es\/","logo":{"@type":"ImageObject","inLanguage":"fr-FR","@id":"https:\/\/labarraca1912.es\/#\/schema\/logo\/image\/","url":"https:\/\/labarraca1912.es\/wp-content\/uploads\/2019\/06\/logo-labarraca.png","contentUrl":"https:\/\/labarraca1912.es\/wp-content\/uploads\/2019\/06\/logo-labarraca.png","width":2917,"height":1809,"caption":"La Barraca 1912 Alimentacion"},"image":{"@id":"https:\/\/labarraca1912.es\/#\/schema\/logo\/image\/"}}]}},"_links":{"self":[{"href":"https:\/\/labarraca1912.es\/fr\/wp-json\/wp\/v2\/product\/136","targetHints":{"allow":["GET"]}}],"collection":[{"href":"https:\/\/labarraca1912.es\/fr\/wp-json\/wp\/v2\/product"}],"about":[{"href":"https:\/\/labarraca1912.es\/fr\/wp-json\/wp\/v2\/types\/product"}],"replies":[{"embeddable":true,"href":"https:\/\/labarraca1912.es\/fr\/wp-json\/wp\/v2\/comments?post=136"}],"wp:featuredmedia":[{"embeddable":true,"href":"https:\/\/labarraca1912.es\/fr\/wp-json\/wp\/v2\/media\/11093"}],"wp:attachment":[{"href":"https:\/\/labarraca1912.es\/fr\/wp-json\/wp\/v2\/media?parent=136"}],"wp:term":[{"taxonomy":"product_brand","embeddable":true,"href":"https:\/\/labarraca1912.es\/fr\/wp-json\/wp\/v2\/product_brand?post=136"},{"taxonomy":"product_cat","embeddable":true,"href":"https:\/\/labarraca1912.es\/fr\/wp-json\/wp\/v2\/product_cat?post=136"},{"taxonomy":"product_tag","embeddable":true,"href":"https:\/\/labarraca1912.es\/fr\/wp-json\/wp\/v2\/product_tag?post=136"}],"curies":[{"name":"wp","href":"https:\/\/api.w.org\/{rel}","templated":true}]}}