{"id":4855,"date":"2020-04-16T10:03:42","date_gmt":"2020-04-16T08:03:42","guid":{"rendered":"https:\/\/labarraca1912.es\/?post_type=product&#038;p=4855"},"modified":"2026-03-09T10:39:07","modified_gmt":"2026-03-09T09:39:07","slug":"fideos-de-colores","status":"publish","type":"product","link":"https:\/\/labarraca1912.es\/fr\/tienda\/pasteleria\/fideos-de-colores\/","title":{"rendered":"Vermicelles Multicolores"},"content":{"rendered":"<p>VERMICELLES MULTICOLORES: Produit de confiserie \u00e0 base de sucre. Id\u00e9al pour la d\u00e9coration de p\u00e2tisseries, p\u00e2tisseries et glaciers.<\/p>\n<p><strong>Vermicelles Multicolores:<\/strong> Il s'applique directement sur le dessert \u00e0 d\u00e9corer, lui apportant une touche de couleur et am\u00e9liorant sa pr\u00e9sentation.<\/p>","protected":false},"excerpt":{"rendered":"<blockquote>\n<h2><strong>Vermicelles Multicolores<\/strong><\/h2>\n<\/blockquote>\n<p><img decoding=\"async\" class=\"alignnone wp-image-10937\" src=\"https:\/\/labarraca1912.es\/wp-content\/uploads\/glutenfree.jpg\" alt=\"\" width=\"203\" height=\"35\" \/><\/p>\n<p>Produit de confiserie \u00e0 base de sucre. Id\u00e9al pour la d\u00e9coration de p\u00e2tisseries, p\u00e2tisseries et glaciers. Il s'applique directement sur le dessert \u00e0 d\u00e9corer, lui apportant une touche de couleur et am\u00e9liorant sa pr\u00e9sentation.<\/p>\n<p><em><strong>Ingr\u00e9dients:<\/strong> <\/em>Sucre en poudre, huile de tournesol \u00e0 haute teneur en acide ol\u00e9ique, eau, glucose, colorants : curcumine E-100 et acide carminique E-120 et spiruline.<\/p>\n<p><em><strong>\"E-124, E-110, E-122 et E-102: peut avoir des effets n\u00e9gatifs sur l'activit\u00e9 et l'attention des enfants\".<\/strong><\/em><\/p>\n<p><strong><em>D\u00e9claration nutritionnelle. Valeurs moyennes per 100g de produit: <\/em><\/strong>\u00c9nergie: 1752 kJ\/413 kcal. Graisses: 3,2g. Dont acides gras satur\u00e9s: 0,2g. Glucides: 96g. Dont sucres: 94g. Prot\u00e9ines: 0g. Sel: 0g.<\/p>","protected":false},"featured_media":4654,"comment_status":"open","ping_status":"closed","template":"","meta":{"_et_pb_use_builder":"","_et_pb_old_content":"","_et_gb_content_width":""},"product_brand":[],"product_cat":[21],"product_tag":[175,178,179,46,171],"class_list":{"0":"post-4855","1":"product","2":"type-product","3":"status-publish","4":"has-post-thumbnail","6":"product_cat-pasteleria","7":"product_tag-bizcocho","8":"product_tag-colores","9":"product_tag-fideos","10":"product_tag-pasteleria","11":"product_tag-reposteria","13":"first","14":"instock","15":"taxable","16":"shipping-taxable","17":"purchasable","18":"product-type-variable"},"yoast_head":"<!-- This site is optimized with the Yoast SEO plugin v27.5 - https:\/\/yoast.com\/product\/yoast-seo-wordpress\/ -->\n<title>Fideos de Colores - La Barraca<\/title>\n<meta name=\"robots\" content=\"index, follow, max-snippet:-1, max-image-preview:large, max-video-preview:-1\" \/>\n<link rel=\"canonical\" href=\"https:\/\/labarraca1912.es\/fr\/tienda\/pasteleria\/fideos-de-colores\/\" \/>\n<meta property=\"og:locale\" content=\"fr_FR\" \/>\n<meta property=\"og:type\" content=\"article\" \/>\n<meta property=\"og:title\" content=\"Fideos de Colores - La Barraca\" \/>\n<meta property=\"og:description\" content=\"Fideos de Colores    Producto de confiter\u00eda a base de az\u00facar. Ideal para la decoraci\u00f3n en reposter\u00eda, pasteler\u00eda y helader\u00eda. Se aplica directamente\u00a0 sobre el postre a decorar, d\u00e1ndole un toque de color y mejorando su presentaci\u00f3n.  Ingredientes: Az\u00facar en polvo, aceite de girasol alto oleico, agua, glucosa, colorantes: curcumina E-100 y \u00e1cido carm\u00ednico E-120 y espirulina.  \u201cE-124, E-110, E-122 y E-102, puede tener efectos negativos sobre la actividad y la atenci\u00f3n de los ni\u00f1os\u201d.  Informaci\u00f3n Nutricional. An\u00e1lisis medio por 100g de producto: Valor Energ\u00e9tico: 1752 kJ\/413 kcal. Grasas: 3,2g. De las cuales saturadas: 0,2g. Hidratos de Carbono: 96g. De los cuales az\u00facares: 94g. Prote\u00ednas: 0g. Sal: 0g.\" \/>\n<meta property=\"og:url\" content=\"https:\/\/labarraca1912.es\/fr\/tienda\/pasteleria\/fideos-de-colores\/\" \/>\n<meta property=\"og:site_name\" content=\"La Barraca\" \/>\n<meta property=\"article:modified_time\" content=\"2026-03-09T09:39:07+00:00\" \/>\n<meta property=\"og:image\" content=\"https:\/\/labarraca1912.es\/wp-content\/uploads\/2020\/02\/fideosdecolorescristal.jpg\" \/>\n\t<meta property=\"og:image:width\" content=\"800\" \/>\n\t<meta property=\"og:image:height\" content=\"800\" \/>\n\t<meta property=\"og:image:type\" content=\"image\/jpeg\" \/>\n<meta name=\"twitter:card\" content=\"summary_large_image\" \/>\n<meta name=\"twitter:label1\" content=\"Dur\u00e9e de lecture estim\u00e9e\" \/>\n\t<meta name=\"twitter:data1\" content=\"1 minute\" \/>\n<script type=\"application\/ld+json\" class=\"yoast-schema-graph\">{\"@context\":\"https:\\\/\\\/schema.org\",\"@graph\":[{\"@type\":\"WebPage\",\"@id\":\"https:\\\/\\\/labarraca1912.es\\\/tienda\\\/pasteleria\\\/fideos-de-colores\\\/\",\"url\":\"https:\\\/\\\/labarraca1912.es\\\/tienda\\\/pasteleria\\\/fideos-de-colores\\\/\",\"name\":\"Fideos de Colores - La Barraca\",\"isPartOf\":{\"@id\":\"https:\\\/\\\/labarraca1912.es\\\/#website\"},\"primaryImageOfPage\":{\"@id\":\"https:\\\/\\\/labarraca1912.es\\\/tienda\\\/pasteleria\\\/fideos-de-colores\\\/#primaryimage\"},\"image\":{\"@id\":\"https:\\\/\\\/labarraca1912.es\\\/tienda\\\/pasteleria\\\/fideos-de-colores\\\/#primaryimage\"},\"thumbnailUrl\":\"https:\\\/\\\/labarraca1912.es\\\/wp-content\\\/uploads\\\/2020\\\/02\\\/fideosdecolorescristal.jpg\",\"datePublished\":\"2020-04-16T08:03:42+00:00\",\"dateModified\":\"2026-03-09T09:39:07+00:00\",\"breadcrumb\":{\"@id\":\"https:\\\/\\\/labarraca1912.es\\\/tienda\\\/pasteleria\\\/fideos-de-colores\\\/#breadcrumb\"},\"inLanguage\":\"fr-FR\",\"potentialAction\":[{\"@type\":\"ReadAction\",\"target\":[\"https:\\\/\\\/labarraca1912.es\\\/tienda\\\/pasteleria\\\/fideos-de-colores\\\/\"]}]},{\"@type\":\"ImageObject\",\"inLanguage\":\"fr-FR\",\"@id\":\"https:\\\/\\\/labarraca1912.es\\\/tienda\\\/pasteleria\\\/fideos-de-colores\\\/#primaryimage\",\"url\":\"https:\\\/\\\/labarraca1912.es\\\/wp-content\\\/uploads\\\/2020\\\/02\\\/fideosdecolorescristal.jpg\",\"contentUrl\":\"https:\\\/\\\/labarraca1912.es\\\/wp-content\\\/uploads\\\/2020\\\/02\\\/fideosdecolorescristal.jpg\",\"width\":800,\"height\":800},{\"@type\":\"BreadcrumbList\",\"@id\":\"https:\\\/\\\/labarraca1912.es\\\/tienda\\\/pasteleria\\\/fideos-de-colores\\\/#breadcrumb\",\"itemListElement\":[{\"@type\":\"ListItem\",\"position\":1,\"name\":\"La Barraca\",\"item\":\"https:\\\/\\\/labarraca1912.es\\\/\"},{\"@type\":\"ListItem\",\"position\":2,\"name\":\"Tienda\",\"item\":\"https:\\\/\\\/labarraca1912.es\\\/tienda\\\/\"},{\"@type\":\"ListItem\",\"position\":3,\"name\":\"Fideos de Colores\"}]},{\"@type\":\"WebSite\",\"@id\":\"https:\\\/\\\/labarraca1912.es\\\/#website\",\"url\":\"https:\\\/\\\/labarraca1912.es\\\/\",\"name\":\"La Barraca\",\"description\":\"La Casa del Sabor\",\"publisher\":{\"@id\":\"https:\\\/\\\/labarraca1912.es\\\/#organization\"},\"potentialAction\":[{\"@type\":\"SearchAction\",\"target\":{\"@type\":\"EntryPoint\",\"urlTemplate\":\"https:\\\/\\\/labarraca1912.es\\\/?s={search_term_string}\"},\"query-input\":{\"@type\":\"PropertyValueSpecification\",\"valueRequired\":true,\"valueName\":\"search_term_string\"}}],\"inLanguage\":\"fr-FR\"},{\"@type\":\"Organization\",\"@id\":\"https:\\\/\\\/labarraca1912.es\\\/#organization\",\"name\":\"La Barraca 1912 Alimentacion\",\"url\":\"https:\\\/\\\/labarraca1912.es\\\/\",\"logo\":{\"@type\":\"ImageObject\",\"inLanguage\":\"fr-FR\",\"@id\":\"https:\\\/\\\/labarraca1912.es\\\/#\\\/schema\\\/logo\\\/image\\\/\",\"url\":\"https:\\\/\\\/labarraca1912.es\\\/wp-content\\\/uploads\\\/2019\\\/06\\\/logo-labarraca.png\",\"contentUrl\":\"https:\\\/\\\/labarraca1912.es\\\/wp-content\\\/uploads\\\/2019\\\/06\\\/logo-labarraca.png\",\"width\":2917,\"height\":1809,\"caption\":\"La Barraca 1912 Alimentacion\"},\"image\":{\"@id\":\"https:\\\/\\\/labarraca1912.es\\\/#\\\/schema\\\/logo\\\/image\\\/\"}}]}<\/script>\n<!-- \/ Yoast SEO plugin. -->","yoast_head_json":{"title":"Fideos de Colores - La Barraca","robots":{"index":"index","follow":"follow","max-snippet":"max-snippet:-1","max-image-preview":"max-image-preview:large","max-video-preview":"max-video-preview:-1"},"canonical":"https:\/\/labarraca1912.es\/fr\/tienda\/pasteleria\/fideos-de-colores\/","og_locale":"fr_FR","og_type":"article","og_title":"Fideos de Colores - La Barraca","og_description":"Fideos de Colores    Producto de confiter\u00eda a base de az\u00facar. Ideal para la decoraci\u00f3n en reposter\u00eda, pasteler\u00eda y helader\u00eda. Se aplica directamente\u00a0 sobre el postre a decorar, d\u00e1ndole un toque de color y mejorando su presentaci\u00f3n.  Ingredientes: Az\u00facar en polvo, aceite de girasol alto oleico, agua, glucosa, colorantes: curcumina E-100 y \u00e1cido carm\u00ednico E-120 y espirulina.  \u201cE-124, E-110, E-122 y E-102, puede tener efectos negativos sobre la actividad y la atenci\u00f3n de los ni\u00f1os\u201d.  Informaci\u00f3n Nutricional. An\u00e1lisis medio por 100g de producto: Valor Energ\u00e9tico: 1752 kJ\/413 kcal. Grasas: 3,2g. De las cuales saturadas: 0,2g. Hidratos de Carbono: 96g. De los cuales az\u00facares: 94g. Prote\u00ednas: 0g. Sal: 0g.","og_url":"https:\/\/labarraca1912.es\/fr\/tienda\/pasteleria\/fideos-de-colores\/","og_site_name":"La Barraca","article_modified_time":"2026-03-09T09:39:07+00:00","og_image":[{"width":800,"height":800,"url":"https:\/\/labarraca1912.es\/wp-content\/uploads\/2020\/02\/fideosdecolorescristal.jpg","type":"image\/jpeg"}],"twitter_card":"summary_large_image","twitter_misc":{"Dur\u00e9e de lecture estim\u00e9e":"1 minute"},"schema":{"@context":"https:\/\/schema.org","@graph":[{"@type":"WebPage","@id":"https:\/\/labarraca1912.es\/tienda\/pasteleria\/fideos-de-colores\/","url":"https:\/\/labarraca1912.es\/tienda\/pasteleria\/fideos-de-colores\/","name":"Fideos de Colores - La Barraca","isPartOf":{"@id":"https:\/\/labarraca1912.es\/#website"},"primaryImageOfPage":{"@id":"https:\/\/labarraca1912.es\/tienda\/pasteleria\/fideos-de-colores\/#primaryimage"},"image":{"@id":"https:\/\/labarraca1912.es\/tienda\/pasteleria\/fideos-de-colores\/#primaryimage"},"thumbnailUrl":"https:\/\/labarraca1912.es\/wp-content\/uploads\/2020\/02\/fideosdecolorescristal.jpg","datePublished":"2020-04-16T08:03:42+00:00","dateModified":"2026-03-09T09:39:07+00:00","breadcrumb":{"@id":"https:\/\/labarraca1912.es\/tienda\/pasteleria\/fideos-de-colores\/#breadcrumb"},"inLanguage":"fr-FR","potentialAction":[{"@type":"ReadAction","target":["https:\/\/labarraca1912.es\/tienda\/pasteleria\/fideos-de-colores\/"]}]},{"@type":"ImageObject","inLanguage":"fr-FR","@id":"https:\/\/labarraca1912.es\/tienda\/pasteleria\/fideos-de-colores\/#primaryimage","url":"https:\/\/labarraca1912.es\/wp-content\/uploads\/2020\/02\/fideosdecolorescristal.jpg","contentUrl":"https:\/\/labarraca1912.es\/wp-content\/uploads\/2020\/02\/fideosdecolorescristal.jpg","width":800,"height":800},{"@type":"BreadcrumbList","@id":"https:\/\/labarraca1912.es\/tienda\/pasteleria\/fideos-de-colores\/#breadcrumb","itemListElement":[{"@type":"ListItem","position":1,"name":"La Barraca","item":"https:\/\/labarraca1912.es\/"},{"@type":"ListItem","position":2,"name":"Tienda","item":"https:\/\/labarraca1912.es\/tienda\/"},{"@type":"ListItem","position":3,"name":"Fideos de Colores"}]},{"@type":"WebSite","@id":"https:\/\/labarraca1912.es\/#website","url":"https:\/\/labarraca1912.es\/","name":"La Barraca","description":"La Casa del Sabor","publisher":{"@id":"https:\/\/labarraca1912.es\/#organization"},"potentialAction":[{"@type":"SearchAction","target":{"@type":"EntryPoint","urlTemplate":"https:\/\/labarraca1912.es\/?s={search_term_string}"},"query-input":{"@type":"PropertyValueSpecification","valueRequired":true,"valueName":"search_term_string"}}],"inLanguage":"fr-FR"},{"@type":"Organization","@id":"https:\/\/labarraca1912.es\/#organization","name":"La Barraca 1912 Alimentacion","url":"https:\/\/labarraca1912.es\/","logo":{"@type":"ImageObject","inLanguage":"fr-FR","@id":"https:\/\/labarraca1912.es\/#\/schema\/logo\/image\/","url":"https:\/\/labarraca1912.es\/wp-content\/uploads\/2019\/06\/logo-labarraca.png","contentUrl":"https:\/\/labarraca1912.es\/wp-content\/uploads\/2019\/06\/logo-labarraca.png","width":2917,"height":1809,"caption":"La Barraca 1912 Alimentacion"},"image":{"@id":"https:\/\/labarraca1912.es\/#\/schema\/logo\/image\/"}}]}},"_links":{"self":[{"href":"https:\/\/labarraca1912.es\/fr\/wp-json\/wp\/v2\/product\/4855","targetHints":{"allow":["GET"]}}],"collection":[{"href":"https:\/\/labarraca1912.es\/fr\/wp-json\/wp\/v2\/product"}],"about":[{"href":"https:\/\/labarraca1912.es\/fr\/wp-json\/wp\/v2\/types\/product"}],"replies":[{"embeddable":true,"href":"https:\/\/labarraca1912.es\/fr\/wp-json\/wp\/v2\/comments?post=4855"}],"wp:featuredmedia":[{"embeddable":true,"href":"https:\/\/labarraca1912.es\/fr\/wp-json\/wp\/v2\/media\/4654"}],"wp:attachment":[{"href":"https:\/\/labarraca1912.es\/fr\/wp-json\/wp\/v2\/media?parent=4855"}],"wp:term":[{"taxonomy":"product_brand","embeddable":true,"href":"https:\/\/labarraca1912.es\/fr\/wp-json\/wp\/v2\/product_brand?post=4855"},{"taxonomy":"product_cat","embeddable":true,"href":"https:\/\/labarraca1912.es\/fr\/wp-json\/wp\/v2\/product_cat?post=4855"},{"taxonomy":"product_tag","embeddable":true,"href":"https:\/\/labarraca1912.es\/fr\/wp-json\/wp\/v2\/product_tag?post=4855"}],"curies":[{"name":"wp","href":"https:\/\/api.w.org\/{rel}","templated":true}]}}