{"id":11827,"date":"2025-01-28T09:04:08","date_gmt":"2025-01-28T08:04:08","guid":{"rendered":"https:\/\/labarraca1912.es\/?post_type=product&#038;p=11827"},"modified":"2026-03-15T17:33:28","modified_gmt":"2026-03-15T16:33:28","slug":"especiero-6-tc","status":"publish","type":"product","link":"https:\/\/labarraca1912.es\/pt\/tienda\/productos-complementarios\/especiero-6-tc\/","title":{"rendered":"Pack 6 Frascos de Vidro"},"content":{"rendered":"<p>PACK 6 FRASCOS DE VIDRO: Pack de cart\u00e3o composto por 6 frascos de vidro com as ervas, especiarias e condimentos mais utilizados na cozinha espanhola. \u00c9 um produto perfeito para oferecer ou ter em qualquer cozinha, uma vez que a sua grande variedade de produtos \u00e9 aplic\u00e1vel em m\u00faltiplas refei\u00e7\u00f5es, bem como a sua prateleira de temperos para manter os frascos perfeitamente organizados.<\/p>\n<p><strong>Alho Granulado:<\/strong>\u00a0Una forma f\u00e1cil y limpia de utilizar el ajo en tus comidas. En polvo, granulado, astillado&#8230; como mejor se adapte a tu receta.<\/p>\n<p><strong>Corante Alimentar:<\/strong>\u00a0Acrescenta cor e sabor aos alimentos, utilizado no arroz, sopas e guisados.<\/p>\n<p><strong>Or\u00e9g\u00e3os:<\/strong>\u00a0Molho adequado para pizzas, massas, carnes grelhadas, marinada de azeitonas. Recomenda-se um uso moderado devido ao seu aroma intenso.<\/p>\n<p><strong>Piment\u00e3o Doce:<\/strong>\u00a0Moenda de pimento vermelho. Confere uma tonalidade avermelhada, sabor e aroma caracter\u00edstico aos alimentos.<\/p>\n<p><strong>Salsa:<\/strong>\u00a0\u00c9 a erva mais utilizada no mundo, devido ao seu sabor e aroma discretos. \u00c9 utilizado em arroz, sopas, marisco, assados, molhos e sumos.<\/p>\n<p><strong>Pimenta Preta Mo\u00edda:<\/strong>\u00a0Es el grano maduro de la pimienta. Usada en multitud de guisos, as\u00ed como en carnes asadas o a la parrilla, sopas, adobados&#8230;<\/p>","protected":false},"excerpt":{"rendered":"<blockquote>\n<h2><strong>Pack<\/strong> 6 Frascos de Vidro<\/h2>\n<\/blockquote>\n<p>Pack de cart\u00e3o composto por 6 frascos de vidro com as ervas, especiarias e condimentos mais utilizados na cozinha espanhola. \u00c9 um produto perfeito para oferecer ou ter em qualquer cozinha, uma vez que a sua grande variedade de produtos \u00e9 aplic\u00e1vel em m\u00faltiplas refei\u00e7\u00f5es, bem como a sua prateleira de temperos para manter os frascos perfeitamente organizados.<\/p>\n<p><em><strong>PACK COMPOSTO POR:<\/strong><\/em><\/p>\n<ul>\n<li><strong>Alho Granulado 50g<\/strong>\n<ul>\n<li><em><strong>Ingredientes:<\/strong><\/em>\u00a0Alho granulado. Pode conter vest\u00edgios de\u00a0<strong>SULFITOS e AMENDOINS.<\/strong>\u00a0Fechar correctamente para evitar compacta\u00e7\u00e3o.<\/li>\n<\/ul>\n<\/li>\n<li><strong>Corante Alimentar 50g<\/strong>\n<ul>\n<li><em><strong>Ingredientes:<\/strong>\u00a0<\/em>Farinha de milho, sal e corante: Tartrazina E-102. Pode conter vest\u00edgios de\u00a0<strong>SOJA<\/strong>. \u201cColorante E-102: puede tener efectos negativos sobre la actividad y la atenci\u00f3n de los ni\u00f1os\u201d.<\/li>\n<\/ul>\n<\/li>\n<li><strong>Or\u00e9g\u00e3os 8g<\/strong>\n<ul>\n<li><em><strong>Ingredientes:<\/strong><\/em>\u00a0Or\u00e9g\u00e3os em folha.<\/li>\n<\/ul>\n<\/li>\n<\/ul>\n<ul>\n<li><strong>Piment\u00e3o Doce 40g<\/strong>\n<ul>\n<li><em><strong>Ingredientes:<\/strong><\/em>\u00a0Piment\u00e3o doce.<\/li>\n<\/ul>\n<\/li>\n<li><strong>Salsa 10g<\/strong>\n<ul>\n<li><em><strong>Ingredientes:<\/strong><\/em>\u00a0Salsa em folha. Pode conter vest\u00edgios de\u00a0<strong>AIPO, GL\u00daTEN e MOSTARDA.<\/strong><\/li>\n<\/ul>\n<\/li>\n<li><strong>Pimenta Preta Mo\u00edda 40g<\/strong>\n<ul>\n<li><em><strong>Ingredientes:<\/strong><\/em>\u00a0Pimenta preta mo\u00edda.<\/li>\n<\/ul>\n<\/li>\n<\/ul>","protected":false},"featured_media":11837,"comment_status":"open","ping_status":"closed","template":"","meta":{"_et_pb_use_builder":"","_et_pb_old_content":"","_et_gb_content_width":""},"product_brand":[],"product_cat":[215,15],"product_tag":[67,66,68,50,69],"class_list":{"0":"post-11827","1":"product","2":"type-product","3":"status-publish","4":"has-post-thumbnail","6":"product_cat-packs-regalo","7":"product_cat-productos-complementarios","8":"product_tag-carne","9":"product_tag-molinillos","10":"product_tag-pescado","11":"product_tag-pimienta","12":"product_tag-pimientas","14":"first","15":"instock","16":"sale","17":"taxable","18":"shipping-taxable","19":"purchasable","20":"product-type-simple"},"yoast_head":"<!-- This site is optimized with the Yoast SEO plugin v27.5 - https:\/\/yoast.com\/product\/yoast-seo-wordpress\/ -->\n<title>Especiero 6 Tarros de Cristal - La Barraca<\/title>\n<meta name=\"robots\" content=\"index, follow, max-snippet:-1, max-image-preview:large, max-video-preview:-1\" \/>\n<link rel=\"canonical\" href=\"https:\/\/labarraca1912.es\/pt\/tienda\/productos-complementarios\/especiero-6-tc\/\" \/>\n<meta property=\"og:locale\" content=\"pt_PT\" \/>\n<meta property=\"og:type\" content=\"article\" \/>\n<meta property=\"og:title\" content=\"Especiero 6 Tarros de Cristal - La Barraca\" \/>\n<meta property=\"og:description\" content=\"Especiero 6 Tarros de Cristal  Especiero de cart\u00f3n compuesto por 6 tarros de cristal con las hierbas, especias y condimentos m\u00e1s usados en la cocina espa\u00f1ola. Se trata de un producto perfecto para regalar o para tener en cualquier cocina, puesto que a su gran variedad de productos es aplicable para m\u00faltiples comidas, as\u00ed como su especiero para tener los tarros perfectamente ordenados.  PACK COMPUESTO DE:   Ajo Granulado 50g   Ingredientes:\u00a0Ajo granulado. Puede contener trazas de\u00a0SULFITOS y CACAHUETES.\u00a0Cerrar bien el envase para evitar que se apelmace.    Colorante Alimentario 50g   Ingredientes:\u00a0Harina de ma\u00edz, sal y colorante: Tartrazina E-102. Puede contener trazas de\u00a0SOJA. \u201cColorante E-102: puede tener efectos negativos sobre la actividad y la atenci\u00f3n de los ni\u00f1os\u201d.    Or\u00e9gano 8g   Ingredientes:\u00a0Or\u00e9gano hoja.      Piment\u00f3n Dulce 40g   Ingredientes:\u00a0Piment\u00f3n dulce.    Perejil 10g   Ingredientes:\u00a0Perejil hoja. Puede contener trazas de\u00a0APIO, GLUTEN y MOSTAZA.    Pimienta Negra Molida 40g   Ingredientes:\u00a0Pimienta negra molida.\" \/>\n<meta property=\"og:url\" content=\"https:\/\/labarraca1912.es\/pt\/tienda\/productos-complementarios\/especiero-6-tc\/\" \/>\n<meta property=\"og:site_name\" content=\"La Barraca\" \/>\n<meta property=\"article:modified_time\" content=\"2026-03-15T16:33:28+00:00\" \/>\n<meta property=\"og:image\" content=\"https:\/\/labarraca1912.es\/wp-content\/uploads\/especiero6tc.jpg\" \/>\n\t<meta property=\"og:image:width\" content=\"800\" \/>\n\t<meta property=\"og:image:height\" content=\"800\" \/>\n\t<meta property=\"og:image:type\" content=\"image\/jpeg\" \/>\n<meta name=\"twitter:card\" content=\"summary_large_image\" \/>\n<meta name=\"twitter:label1\" content=\"Tempo estimado de leitura\" \/>\n\t<meta name=\"twitter:data1\" content=\"2 minutos\" \/>\n<script type=\"application\/ld+json\" class=\"yoast-schema-graph\">{\"@context\":\"https:\\\/\\\/schema.org\",\"@graph\":[{\"@type\":\"WebPage\",\"@id\":\"https:\\\/\\\/labarraca1912.es\\\/tienda\\\/productos-complementarios\\\/especiero-6-tc\\\/\",\"url\":\"https:\\\/\\\/labarraca1912.es\\\/tienda\\\/productos-complementarios\\\/especiero-6-tc\\\/\",\"name\":\"Especiero 6 Tarros de Cristal - La Barraca\",\"isPartOf\":{\"@id\":\"https:\\\/\\\/labarraca1912.es\\\/#website\"},\"primaryImageOfPage\":{\"@id\":\"https:\\\/\\\/labarraca1912.es\\\/tienda\\\/productos-complementarios\\\/especiero-6-tc\\\/#primaryimage\"},\"image\":{\"@id\":\"https:\\\/\\\/labarraca1912.es\\\/tienda\\\/productos-complementarios\\\/especiero-6-tc\\\/#primaryimage\"},\"thumbnailUrl\":\"https:\\\/\\\/labarraca1912.es\\\/wp-content\\\/uploads\\\/especiero6tc.jpg\",\"datePublished\":\"2025-01-28T08:04:08+00:00\",\"dateModified\":\"2026-03-15T16:33:28+00:00\",\"breadcrumb\":{\"@id\":\"https:\\\/\\\/labarraca1912.es\\\/tienda\\\/productos-complementarios\\\/especiero-6-tc\\\/#breadcrumb\"},\"inLanguage\":\"pt-PT\",\"potentialAction\":[{\"@type\":\"ReadAction\",\"target\":[\"https:\\\/\\\/labarraca1912.es\\\/tienda\\\/productos-complementarios\\\/especiero-6-tc\\\/\"]}]},{\"@type\":\"ImageObject\",\"inLanguage\":\"pt-PT\",\"@id\":\"https:\\\/\\\/labarraca1912.es\\\/tienda\\\/productos-complementarios\\\/especiero-6-tc\\\/#primaryimage\",\"url\":\"https:\\\/\\\/labarraca1912.es\\\/wp-content\\\/uploads\\\/especiero6tc.jpg\",\"contentUrl\":\"https:\\\/\\\/labarraca1912.es\\\/wp-content\\\/uploads\\\/especiero6tc.jpg\",\"width\":800,\"height\":800},{\"@type\":\"BreadcrumbList\",\"@id\":\"https:\\\/\\\/labarraca1912.es\\\/tienda\\\/productos-complementarios\\\/especiero-6-tc\\\/#breadcrumb\",\"itemListElement\":[{\"@type\":\"ListItem\",\"position\":1,\"name\":\"La Barraca\",\"item\":\"https:\\\/\\\/labarraca1912.es\\\/\"},{\"@type\":\"ListItem\",\"position\":2,\"name\":\"Tienda\",\"item\":\"https:\\\/\\\/labarraca1912.es\\\/tienda\\\/\"},{\"@type\":\"ListItem\",\"position\":3,\"name\":\"Especiero 6 Tarros de Cristal\"}]},{\"@type\":\"WebSite\",\"@id\":\"https:\\\/\\\/labarraca1912.es\\\/#website\",\"url\":\"https:\\\/\\\/labarraca1912.es\\\/\",\"name\":\"La Barraca\",\"description\":\"La Casa del Sabor\",\"publisher\":{\"@id\":\"https:\\\/\\\/labarraca1912.es\\\/#organization\"},\"potentialAction\":[{\"@type\":\"SearchAction\",\"target\":{\"@type\":\"EntryPoint\",\"urlTemplate\":\"https:\\\/\\\/labarraca1912.es\\\/?s={search_term_string}\"},\"query-input\":{\"@type\":\"PropertyValueSpecification\",\"valueRequired\":true,\"valueName\":\"search_term_string\"}}],\"inLanguage\":\"pt-PT\"},{\"@type\":\"Organization\",\"@id\":\"https:\\\/\\\/labarraca1912.es\\\/#organization\",\"name\":\"La Barraca 1912 Alimentacion\",\"url\":\"https:\\\/\\\/labarraca1912.es\\\/\",\"logo\":{\"@type\":\"ImageObject\",\"inLanguage\":\"pt-PT\",\"@id\":\"https:\\\/\\\/labarraca1912.es\\\/#\\\/schema\\\/logo\\\/image\\\/\",\"url\":\"https:\\\/\\\/labarraca1912.es\\\/wp-content\\\/uploads\\\/2019\\\/06\\\/logo-labarraca.png\",\"contentUrl\":\"https:\\\/\\\/labarraca1912.es\\\/wp-content\\\/uploads\\\/2019\\\/06\\\/logo-labarraca.png\",\"width\":2917,\"height\":1809,\"caption\":\"La Barraca 1912 Alimentacion\"},\"image\":{\"@id\":\"https:\\\/\\\/labarraca1912.es\\\/#\\\/schema\\\/logo\\\/image\\\/\"}}]}<\/script>\n<!-- \/ Yoast SEO plugin. -->","yoast_head_json":{"title":"Especiero 6 Tarros de Cristal - La Barraca","robots":{"index":"index","follow":"follow","max-snippet":"max-snippet:-1","max-image-preview":"max-image-preview:large","max-video-preview":"max-video-preview:-1"},"canonical":"https:\/\/labarraca1912.es\/pt\/tienda\/productos-complementarios\/especiero-6-tc\/","og_locale":"pt_PT","og_type":"article","og_title":"Especiero 6 Tarros de Cristal - La Barraca","og_description":"Especiero 6 Tarros de Cristal  Especiero de cart\u00f3n compuesto por 6 tarros de cristal con las hierbas, especias y condimentos m\u00e1s usados en la cocina espa\u00f1ola. Se trata de un producto perfecto para regalar o para tener en cualquier cocina, puesto que a su gran variedad de productos es aplicable para m\u00faltiples comidas, as\u00ed como su especiero para tener los tarros perfectamente ordenados.  PACK COMPUESTO DE:   Ajo Granulado 50g   Ingredientes:\u00a0Ajo granulado. Puede contener trazas de\u00a0SULFITOS y CACAHUETES.\u00a0Cerrar bien el envase para evitar que se apelmace.    Colorante Alimentario 50g   Ingredientes:\u00a0Harina de ma\u00edz, sal y colorante: Tartrazina E-102. Puede contener trazas de\u00a0SOJA. \u201cColorante E-102: puede tener efectos negativos sobre la actividad y la atenci\u00f3n de los ni\u00f1os\u201d.    Or\u00e9gano 8g   Ingredientes:\u00a0Or\u00e9gano hoja.      Piment\u00f3n Dulce 40g   Ingredientes:\u00a0Piment\u00f3n dulce.    Perejil 10g   Ingredientes:\u00a0Perejil hoja. Puede contener trazas de\u00a0APIO, GLUTEN y MOSTAZA.    Pimienta Negra Molida 40g   Ingredientes:\u00a0Pimienta negra molida.","og_url":"https:\/\/labarraca1912.es\/pt\/tienda\/productos-complementarios\/especiero-6-tc\/","og_site_name":"La Barraca","article_modified_time":"2026-03-15T16:33:28+00:00","og_image":[{"width":800,"height":800,"url":"https:\/\/labarraca1912.es\/wp-content\/uploads\/especiero6tc.jpg","type":"image\/jpeg"}],"twitter_card":"summary_large_image","twitter_misc":{"Tempo estimado de leitura":"2 minutos"},"schema":{"@context":"https:\/\/schema.org","@graph":[{"@type":"WebPage","@id":"https:\/\/labarraca1912.es\/tienda\/productos-complementarios\/especiero-6-tc\/","url":"https:\/\/labarraca1912.es\/tienda\/productos-complementarios\/especiero-6-tc\/","name":"Especiero 6 Tarros de Cristal - La Barraca","isPartOf":{"@id":"https:\/\/labarraca1912.es\/#website"},"primaryImageOfPage":{"@id":"https:\/\/labarraca1912.es\/tienda\/productos-complementarios\/especiero-6-tc\/#primaryimage"},"image":{"@id":"https:\/\/labarraca1912.es\/tienda\/productos-complementarios\/especiero-6-tc\/#primaryimage"},"thumbnailUrl":"https:\/\/labarraca1912.es\/wp-content\/uploads\/especiero6tc.jpg","datePublished":"2025-01-28T08:04:08+00:00","dateModified":"2026-03-15T16:33:28+00:00","breadcrumb":{"@id":"https:\/\/labarraca1912.es\/tienda\/productos-complementarios\/especiero-6-tc\/#breadcrumb"},"inLanguage":"pt-PT","potentialAction":[{"@type":"ReadAction","target":["https:\/\/labarraca1912.es\/tienda\/productos-complementarios\/especiero-6-tc\/"]}]},{"@type":"ImageObject","inLanguage":"pt-PT","@id":"https:\/\/labarraca1912.es\/tienda\/productos-complementarios\/especiero-6-tc\/#primaryimage","url":"https:\/\/labarraca1912.es\/wp-content\/uploads\/especiero6tc.jpg","contentUrl":"https:\/\/labarraca1912.es\/wp-content\/uploads\/especiero6tc.jpg","width":800,"height":800},{"@type":"BreadcrumbList","@id":"https:\/\/labarraca1912.es\/tienda\/productos-complementarios\/especiero-6-tc\/#breadcrumb","itemListElement":[{"@type":"ListItem","position":1,"name":"La Barraca","item":"https:\/\/labarraca1912.es\/"},{"@type":"ListItem","position":2,"name":"Tienda","item":"https:\/\/labarraca1912.es\/tienda\/"},{"@type":"ListItem","position":3,"name":"Especiero 6 Tarros de Cristal"}]},{"@type":"WebSite","@id":"https:\/\/labarraca1912.es\/#website","url":"https:\/\/labarraca1912.es\/","name":"La Barraca","description":"La Casa del Sabor","publisher":{"@id":"https:\/\/labarraca1912.es\/#organization"},"potentialAction":[{"@type":"SearchAction","target":{"@type":"EntryPoint","urlTemplate":"https:\/\/labarraca1912.es\/?s={search_term_string}"},"query-input":{"@type":"PropertyValueSpecification","valueRequired":true,"valueName":"search_term_string"}}],"inLanguage":"pt-PT"},{"@type":"Organization","@id":"https:\/\/labarraca1912.es\/#organization","name":"La Barraca 1912 Alimentacion","url":"https:\/\/labarraca1912.es\/","logo":{"@type":"ImageObject","inLanguage":"pt-PT","@id":"https:\/\/labarraca1912.es\/#\/schema\/logo\/image\/","url":"https:\/\/labarraca1912.es\/wp-content\/uploads\/2019\/06\/logo-labarraca.png","contentUrl":"https:\/\/labarraca1912.es\/wp-content\/uploads\/2019\/06\/logo-labarraca.png","width":2917,"height":1809,"caption":"La Barraca 1912 Alimentacion"},"image":{"@id":"https:\/\/labarraca1912.es\/#\/schema\/logo\/image\/"}}]}},"_links":{"self":[{"href":"https:\/\/labarraca1912.es\/pt\/wp-json\/wp\/v2\/product\/11827","targetHints":{"allow":["GET"]}}],"collection":[{"href":"https:\/\/labarraca1912.es\/pt\/wp-json\/wp\/v2\/product"}],"about":[{"href":"https:\/\/labarraca1912.es\/pt\/wp-json\/wp\/v2\/types\/product"}],"replies":[{"embeddable":true,"href":"https:\/\/labarraca1912.es\/pt\/wp-json\/wp\/v2\/comments?post=11827"}],"wp:featuredmedia":[{"embeddable":true,"href":"https:\/\/labarraca1912.es\/pt\/wp-json\/wp\/v2\/media\/11837"}],"wp:attachment":[{"href":"https:\/\/labarraca1912.es\/pt\/wp-json\/wp\/v2\/media?parent=11827"}],"wp:term":[{"taxonomy":"product_brand","embeddable":true,"href":"https:\/\/labarraca1912.es\/pt\/wp-json\/wp\/v2\/product_brand?post=11827"},{"taxonomy":"product_cat","embeddable":true,"href":"https:\/\/labarraca1912.es\/pt\/wp-json\/wp\/v2\/product_cat?post=11827"},{"taxonomy":"product_tag","embeddable":true,"href":"https:\/\/labarraca1912.es\/pt\/wp-json\/wp\/v2\/product_tag?post=11827"}],"curies":[{"name":"wp","href":"https:\/\/api.w.org\/{rel}","templated":true}]}}