{"id":136,"date":"2019-06-28T11:43:54","date_gmt":"2019-06-28T09:43:54","guid":{"rendered":"https:\/\/labarraca1912.es\/?post_type=product&#038;p=136"},"modified":"2026-01-28T09:48:00","modified_gmt":"2026-01-28T08:48:00","slug":"especiero-de-madera-10-tarros-de-cristal","status":"publish","type":"product","link":"https:\/\/labarraca1912.es\/pt\/tienda\/productos-complementarios\/especiero-de-madera-10-tarros-de-cristal\/","title":{"rendered":"Pack de Madeira 10 Frascos de Vidro"},"content":{"rendered":"<p>ESPECIERO DE MADERA &#8211; 10 TARROS DE CRISTAL: Especiero de madera compuesto por 10 tarros de cristal con las hierbas, especias y condimentos m\u00e1s usados en la cocina espa\u00f1ola. Se trata de un producto perfecto para regalar o para tener en cualquier cocina, puesto que a su gran variedad de productos es aplicable para m\u00faltiples comidas, as\u00ed como su especiero para tener los tarros perfectamente ordenados.<\/p>\n<p><strong>Piri-piri em Gr\u00e3o:<\/strong>\u00a0Utilizado para obter sabores picantes. Utilizado em guisados, camar\u00e3o ao alho, carac\u00f3is ou feij\u00e3o cozido.<\/p>\n<p><strong>Corante Alimentar:<\/strong> Acrescenta cor e sabor aos alimentos, utilizado no arroz, sopas e guisados.<\/p>\n<p><strong>Tomilho:<\/strong> Planta muito arom\u00e1tica que real\u00e7a o sabor dos pratos de ca\u00e7a, assados, molhos, carnes e massas.<\/p>\n<p><strong>Pimenta Preta Mo\u00edda:<\/strong> Es el grano maduro de la pimienta. Usada en multitud de guisos, as\u00ed como en carnes asadas o a la parrilla, sopas, adobados&#8230;<\/p>\n<p><strong>Piment\u00e3o Doce:<\/strong> Moenda de pimento vermelho. Confere uma tonalidade avermelhada, sabor e aroma caracter\u00edstico aos alimentos.<\/p>\n<p><strong>Salsa:<\/strong> \u00c9 a erva mais utilizada no mundo, devido ao seu sabor e aroma discretos. \u00c9 utilizado em arroz, sopas, marisco, assados, molhos e sumos.<\/p>\n<p><strong>Cominhos Mo\u00eddos:<\/strong> Proporciona um aroma forte e um sabor caracter\u00edstico aos guisados, real\u00e7ando todos os sabores. Utilizado em pickles, legumes fritos, molhos e guisados \u200b\u200bde carne.<\/p>\n<p><strong>Or\u00e9g\u00e3os:<\/strong> Molho adequado para pizzas, massas, carnes grelhadas, marinada de azeitonas. Recomenda-se um uso moderado devido ao seu aroma intenso.<\/p>\n<p><strong>Canela Mo\u00edda:<\/strong> A canela em pau ou em p\u00f3 \u00e9 uma nota arom\u00e1tica e saborosa em muitas sobremesas doces e bolos.<\/p>\n<p><strong>Alho Granulado:<\/strong> Una forma f\u00e1cil y limpia de utilizar el ajo en tus comidas. En polvo, granulado, astillado&#8230; como mejor se adapte a tu receta.<\/p>","protected":false},"excerpt":{"rendered":"<blockquote>\n<h2><strong>Pack de Madeira<\/strong>\u00a010 Frascos de Vidro<\/h2>\n<\/blockquote>\n<p>Pack de madeira composto por 10 frascos de vidro com as ervas, especiarias e condimentos mais utilizados na cozinha espanhola. \u00c9 um produto perfeito para oferecer ou ter em qualquer cozinha, uma vez que a sua grande variedade de produtos \u00e9 aplic\u00e1vel em m\u00faltiplas refei\u00e7\u00f5es, bem como a sua prateleira de temperos para manter os frascos perfeitamente organizados.<\/p>\n<p><em><strong>PACK COMPOSTO POR:<\/strong><\/em><\/p>\n<ul>\n<li><strong>Piri-piri em Gr\u00e3o 12g<\/strong>\n<ul>\n<li><em><strong>Ingredientes:<\/strong><\/em> Piri-piri em gr\u00e3o.<\/li>\n<\/ul>\n<\/li>\n<li><strong>Corante Alimentar 50g<\/strong>\n<ul>\n<li><em><strong>Ingredientes:<\/strong> <\/em>Farinha de milho, sal e corante: Tartrazina E-102. Pode conter vest\u00edgios de <strong>SOJA<\/strong>. \u00abColorante E-102: puede tener efectos negativos sobre la actividad y la atenci\u00f3n de los ni\u00f1os\u00bb.<\/li>\n<\/ul>\n<\/li>\n<li><strong>Tomilho 16g<\/strong>\n<ul>\n<li><em><strong>Ingredientes:<\/strong><\/em> Tomilho em folha.<\/li>\n<\/ul>\n<\/li>\n<li><strong>Pimenta Preta Mo\u00edda 40g<\/strong>\n<ul>\n<li><em><strong>Ingredientes:<\/strong><\/em> Pimenta preta mo\u00edda.<\/li>\n<\/ul>\n<\/li>\n<li><strong>Piment\u00e3o Doce 40g<\/strong>\n<ul>\n<li><em><strong>Ingredientes:<\/strong><\/em> Piment\u00e3o doce.<\/li>\n<\/ul>\n<\/li>\n<li><strong>Salsa 10g<\/strong>\n<ul>\n<li><em><strong>Ingredientes:<\/strong><\/em> Salsa em folha. Pode conter vest\u00edgios de <strong>AIPO, GL\u00daTEN e MOSTARDA.<\/strong><\/li>\n<\/ul>\n<\/li>\n<li><strong>Cominhos Mo\u00eddos 32g<\/strong>\n<ul>\n<li><em><strong>Ingredientes:<\/strong><\/em> Cominhos mo\u00eddos. Pode conter vest\u00edgios de <strong>GL\u00daTEN, S\u00c9SAMO, MOSTARDA e AIPO.<\/strong><\/li>\n<\/ul>\n<\/li>\n<li><strong>Or\u00e9g\u00e3os 8g<\/strong>\n<ul>\n<li><em><strong>Ingredientes:<\/strong><\/em> Or\u00e9g\u00e3os em folha.<\/li>\n<\/ul>\n<\/li>\n<li><strong>Canela Mo\u00edda 30g<\/strong>\n<ul>\n<li><em><strong>Ingredientes:<\/strong><\/em> Canela mo\u00edda.<\/li>\n<\/ul>\n<\/li>\n<li><strong>Alho Granulado 50g<\/strong>\n<ul>\n<li><em><strong>Ingredientes:<\/strong><\/em> Alho granulado. Pode conter vest\u00edgios de <strong>SULFITOS e AMENDOINS.<\/strong> Fechar correctamente para evitar compacta\u00e7\u00e3o.<\/li>\n<\/ul>\n<\/li>\n<\/ul>","protected":false},"featured_media":11093,"comment_status":"open","ping_status":"closed","template":"","meta":{"_et_pb_use_builder":"","_et_pb_old_content":"","_et_gb_content_width":""},"product_brand":[],"product_cat":[19,215,15],"product_tag":[51,38,47,48,49,40,50],"class_list":{"0":"post-136","1":"product","2":"type-product","3":"status-publish","4":"has-post-thumbnail","6":"product_cat-especias-y-condimentos","7":"product_cat-packs-regalo","8":"product_cat-productos-complementarios","9":"product_tag-cocina","10":"product_tag-colorante","11":"product_tag-especias","12":"product_tag-oregano","13":"product_tag-perejil","14":"product_tag-pimenton","15":"product_tag-pimienta","17":"first","18":"outofstock","19":"taxable","20":"shipping-taxable","21":"purchasable","22":"product-type-simple"},"yoast_head":"<!-- This site is optimized with the Yoast SEO plugin v27.4 - https:\/\/yoast.com\/product\/yoast-seo-wordpress\/ -->\n<title>Comprar Especiero de Madera con 10 Tarros de Cristal<\/title>\n<meta name=\"description\" content=\"Organiza tus especias con estilo con el Especiero de Madera de La Barraca. Incluye 10 tarros de cristal con condimentos cl\u00e1sicos para cocinar platos llenos de sabor.\" \/>\n<meta name=\"robots\" content=\"index, follow, max-snippet:-1, max-image-preview:large, max-video-preview:-1\" \/>\n<link rel=\"canonical\" href=\"https:\/\/labarraca1912.es\/pt\/tienda\/productos-complementarios\/especiero-de-madera-10-tarros-de-cristal\/\" \/>\n<meta property=\"og:locale\" content=\"pt_PT\" \/>\n<meta property=\"og:type\" content=\"article\" \/>\n<meta property=\"og:title\" content=\"Comprar Especiero de Madera con 10 Tarros de Cristal\" \/>\n<meta property=\"og:description\" content=\"Organiza tus especias con estilo con el Especiero de Madera de La Barraca. Incluye 10 tarros de cristal con condimentos cl\u00e1sicos para cocinar platos llenos de sabor.\" \/>\n<meta property=\"og:url\" content=\"https:\/\/labarraca1912.es\/pt\/tienda\/productos-complementarios\/especiero-de-madera-10-tarros-de-cristal\/\" \/>\n<meta property=\"og:site_name\" content=\"La Barraca\" \/>\n<meta property=\"article:modified_time\" content=\"2026-01-28T08:48:00+00:00\" \/>\n<meta property=\"og:image\" content=\"https:\/\/labarraca1912.es\/wp-content\/uploads\/especiero10tc2024.jpg\" \/>\n\t<meta property=\"og:image:width\" content=\"800\" \/>\n\t<meta property=\"og:image:height\" content=\"800\" \/>\n\t<meta property=\"og:image:type\" content=\"image\/jpeg\" \/>\n<meta name=\"twitter:card\" content=\"summary_large_image\" \/>\n<meta name=\"twitter:label1\" content=\"Tempo estimado de leitura\" \/>\n\t<meta name=\"twitter:data1\" content=\"2 minutos\" \/>\n<script type=\"application\/ld+json\" class=\"yoast-schema-graph\">{\"@context\":\"https:\\\/\\\/schema.org\",\"@graph\":[{\"@type\":\"WebPage\",\"@id\":\"https:\\\/\\\/labarraca1912.es\\\/tienda\\\/productos-complementarios\\\/especiero-de-madera-10-tarros-de-cristal\\\/\",\"url\":\"https:\\\/\\\/labarraca1912.es\\\/tienda\\\/productos-complementarios\\\/especiero-de-madera-10-tarros-de-cristal\\\/\",\"name\":\"Comprar Especiero de Madera con 10 Tarros de Cristal\",\"isPartOf\":{\"@id\":\"https:\\\/\\\/labarraca1912.es\\\/#website\"},\"primaryImageOfPage\":{\"@id\":\"https:\\\/\\\/labarraca1912.es\\\/tienda\\\/productos-complementarios\\\/especiero-de-madera-10-tarros-de-cristal\\\/#primaryimage\"},\"image\":{\"@id\":\"https:\\\/\\\/labarraca1912.es\\\/tienda\\\/productos-complementarios\\\/especiero-de-madera-10-tarros-de-cristal\\\/#primaryimage\"},\"thumbnailUrl\":\"https:\\\/\\\/labarraca1912.es\\\/wp-content\\\/uploads\\\/especiero10tc2024.jpg\",\"datePublished\":\"2019-06-28T09:43:54+00:00\",\"dateModified\":\"2026-01-28T08:48:00+00:00\",\"description\":\"Organiza tus especias con estilo con el Especiero de Madera de La Barraca. Incluye 10 tarros de cristal con condimentos cl\u00e1sicos para cocinar platos llenos de sabor.\",\"breadcrumb\":{\"@id\":\"https:\\\/\\\/labarraca1912.es\\\/tienda\\\/productos-complementarios\\\/especiero-de-madera-10-tarros-de-cristal\\\/#breadcrumb\"},\"inLanguage\":\"pt-PT\",\"potentialAction\":[{\"@type\":\"ReadAction\",\"target\":[\"https:\\\/\\\/labarraca1912.es\\\/tienda\\\/productos-complementarios\\\/especiero-de-madera-10-tarros-de-cristal\\\/\"]}]},{\"@type\":\"ImageObject\",\"inLanguage\":\"pt-PT\",\"@id\":\"https:\\\/\\\/labarraca1912.es\\\/tienda\\\/productos-complementarios\\\/especiero-de-madera-10-tarros-de-cristal\\\/#primaryimage\",\"url\":\"https:\\\/\\\/labarraca1912.es\\\/wp-content\\\/uploads\\\/especiero10tc2024.jpg\",\"contentUrl\":\"https:\\\/\\\/labarraca1912.es\\\/wp-content\\\/uploads\\\/especiero10tc2024.jpg\",\"width\":800,\"height\":800},{\"@type\":\"BreadcrumbList\",\"@id\":\"https:\\\/\\\/labarraca1912.es\\\/tienda\\\/productos-complementarios\\\/especiero-de-madera-10-tarros-de-cristal\\\/#breadcrumb\",\"itemListElement\":[{\"@type\":\"ListItem\",\"position\":1,\"name\":\"La Barraca\",\"item\":\"https:\\\/\\\/labarraca1912.es\\\/\"},{\"@type\":\"ListItem\",\"position\":2,\"name\":\"Tienda\",\"item\":\"https:\\\/\\\/labarraca1912.es\\\/tienda\\\/\"},{\"@type\":\"ListItem\",\"position\":3,\"name\":\"Especiero de Madera 10 Tarros de Cristal\"}]},{\"@type\":\"WebSite\",\"@id\":\"https:\\\/\\\/labarraca1912.es\\\/#website\",\"url\":\"https:\\\/\\\/labarraca1912.es\\\/\",\"name\":\"La Barraca\",\"description\":\"La Casa del Sabor\",\"publisher\":{\"@id\":\"https:\\\/\\\/labarraca1912.es\\\/#organization\"},\"potentialAction\":[{\"@type\":\"SearchAction\",\"target\":{\"@type\":\"EntryPoint\",\"urlTemplate\":\"https:\\\/\\\/labarraca1912.es\\\/?s={search_term_string}\"},\"query-input\":{\"@type\":\"PropertyValueSpecification\",\"valueRequired\":true,\"valueName\":\"search_term_string\"}}],\"inLanguage\":\"pt-PT\"},{\"@type\":\"Organization\",\"@id\":\"https:\\\/\\\/labarraca1912.es\\\/#organization\",\"name\":\"La Barraca 1912 Alimentacion\",\"url\":\"https:\\\/\\\/labarraca1912.es\\\/\",\"logo\":{\"@type\":\"ImageObject\",\"inLanguage\":\"pt-PT\",\"@id\":\"https:\\\/\\\/labarraca1912.es\\\/#\\\/schema\\\/logo\\\/image\\\/\",\"url\":\"https:\\\/\\\/labarraca1912.es\\\/wp-content\\\/uploads\\\/2019\\\/06\\\/logo-labarraca.png\",\"contentUrl\":\"https:\\\/\\\/labarraca1912.es\\\/wp-content\\\/uploads\\\/2019\\\/06\\\/logo-labarraca.png\",\"width\":2917,\"height\":1809,\"caption\":\"La Barraca 1912 Alimentacion\"},\"image\":{\"@id\":\"https:\\\/\\\/labarraca1912.es\\\/#\\\/schema\\\/logo\\\/image\\\/\"}}]}<\/script>\n<!-- \/ Yoast SEO plugin. -->","yoast_head_json":{"title":"Comprar Especiero de Madera con 10 Tarros de Cristal","description":"Organiza tus especias con estilo con el Especiero de Madera de La Barraca. Incluye 10 tarros de cristal con condimentos cl\u00e1sicos para cocinar platos llenos de sabor.","robots":{"index":"index","follow":"follow","max-snippet":"max-snippet:-1","max-image-preview":"max-image-preview:large","max-video-preview":"max-video-preview:-1"},"canonical":"https:\/\/labarraca1912.es\/pt\/tienda\/productos-complementarios\/especiero-de-madera-10-tarros-de-cristal\/","og_locale":"pt_PT","og_type":"article","og_title":"Comprar Especiero de Madera con 10 Tarros de Cristal","og_description":"Organiza tus especias con estilo con el Especiero de Madera de La Barraca. Incluye 10 tarros de cristal con condimentos cl\u00e1sicos para cocinar platos llenos de sabor.","og_url":"https:\/\/labarraca1912.es\/pt\/tienda\/productos-complementarios\/especiero-de-madera-10-tarros-de-cristal\/","og_site_name":"La Barraca","article_modified_time":"2026-01-28T08:48:00+00:00","og_image":[{"width":800,"height":800,"url":"https:\/\/labarraca1912.es\/wp-content\/uploads\/especiero10tc2024.jpg","type":"image\/jpeg"}],"twitter_card":"summary_large_image","twitter_misc":{"Tempo estimado de leitura":"2 minutos"},"schema":{"@context":"https:\/\/schema.org","@graph":[{"@type":"WebPage","@id":"https:\/\/labarraca1912.es\/tienda\/productos-complementarios\/especiero-de-madera-10-tarros-de-cristal\/","url":"https:\/\/labarraca1912.es\/tienda\/productos-complementarios\/especiero-de-madera-10-tarros-de-cristal\/","name":"Comprar Especiero de Madera con 10 Tarros de Cristal","isPartOf":{"@id":"https:\/\/labarraca1912.es\/#website"},"primaryImageOfPage":{"@id":"https:\/\/labarraca1912.es\/tienda\/productos-complementarios\/especiero-de-madera-10-tarros-de-cristal\/#primaryimage"},"image":{"@id":"https:\/\/labarraca1912.es\/tienda\/productos-complementarios\/especiero-de-madera-10-tarros-de-cristal\/#primaryimage"},"thumbnailUrl":"https:\/\/labarraca1912.es\/wp-content\/uploads\/especiero10tc2024.jpg","datePublished":"2019-06-28T09:43:54+00:00","dateModified":"2026-01-28T08:48:00+00:00","description":"Organiza tus especias con estilo con el Especiero de Madera de La Barraca. Incluye 10 tarros de cristal con condimentos cl\u00e1sicos para cocinar platos llenos de sabor.","breadcrumb":{"@id":"https:\/\/labarraca1912.es\/tienda\/productos-complementarios\/especiero-de-madera-10-tarros-de-cristal\/#breadcrumb"},"inLanguage":"pt-PT","potentialAction":[{"@type":"ReadAction","target":["https:\/\/labarraca1912.es\/tienda\/productos-complementarios\/especiero-de-madera-10-tarros-de-cristal\/"]}]},{"@type":"ImageObject","inLanguage":"pt-PT","@id":"https:\/\/labarraca1912.es\/tienda\/productos-complementarios\/especiero-de-madera-10-tarros-de-cristal\/#primaryimage","url":"https:\/\/labarraca1912.es\/wp-content\/uploads\/especiero10tc2024.jpg","contentUrl":"https:\/\/labarraca1912.es\/wp-content\/uploads\/especiero10tc2024.jpg","width":800,"height":800},{"@type":"BreadcrumbList","@id":"https:\/\/labarraca1912.es\/tienda\/productos-complementarios\/especiero-de-madera-10-tarros-de-cristal\/#breadcrumb","itemListElement":[{"@type":"ListItem","position":1,"name":"La Barraca","item":"https:\/\/labarraca1912.es\/"},{"@type":"ListItem","position":2,"name":"Tienda","item":"https:\/\/labarraca1912.es\/tienda\/"},{"@type":"ListItem","position":3,"name":"Especiero de Madera 10 Tarros de Cristal"}]},{"@type":"WebSite","@id":"https:\/\/labarraca1912.es\/#website","url":"https:\/\/labarraca1912.es\/","name":"La Barraca","description":"La Casa del Sabor","publisher":{"@id":"https:\/\/labarraca1912.es\/#organization"},"potentialAction":[{"@type":"SearchAction","target":{"@type":"EntryPoint","urlTemplate":"https:\/\/labarraca1912.es\/?s={search_term_string}"},"query-input":{"@type":"PropertyValueSpecification","valueRequired":true,"valueName":"search_term_string"}}],"inLanguage":"pt-PT"},{"@type":"Organization","@id":"https:\/\/labarraca1912.es\/#organization","name":"La Barraca 1912 Alimentacion","url":"https:\/\/labarraca1912.es\/","logo":{"@type":"ImageObject","inLanguage":"pt-PT","@id":"https:\/\/labarraca1912.es\/#\/schema\/logo\/image\/","url":"https:\/\/labarraca1912.es\/wp-content\/uploads\/2019\/06\/logo-labarraca.png","contentUrl":"https:\/\/labarraca1912.es\/wp-content\/uploads\/2019\/06\/logo-labarraca.png","width":2917,"height":1809,"caption":"La Barraca 1912 Alimentacion"},"image":{"@id":"https:\/\/labarraca1912.es\/#\/schema\/logo\/image\/"}}]}},"_links":{"self":[{"href":"https:\/\/labarraca1912.es\/pt\/wp-json\/wp\/v2\/product\/136","targetHints":{"allow":["GET"]}}],"collection":[{"href":"https:\/\/labarraca1912.es\/pt\/wp-json\/wp\/v2\/product"}],"about":[{"href":"https:\/\/labarraca1912.es\/pt\/wp-json\/wp\/v2\/types\/product"}],"replies":[{"embeddable":true,"href":"https:\/\/labarraca1912.es\/pt\/wp-json\/wp\/v2\/comments?post=136"}],"wp:featuredmedia":[{"embeddable":true,"href":"https:\/\/labarraca1912.es\/pt\/wp-json\/wp\/v2\/media\/11093"}],"wp:attachment":[{"href":"https:\/\/labarraca1912.es\/pt\/wp-json\/wp\/v2\/media?parent=136"}],"wp:term":[{"taxonomy":"product_brand","embeddable":true,"href":"https:\/\/labarraca1912.es\/pt\/wp-json\/wp\/v2\/product_brand?post=136"},{"taxonomy":"product_cat","embeddable":true,"href":"https:\/\/labarraca1912.es\/pt\/wp-json\/wp\/v2\/product_cat?post=136"},{"taxonomy":"product_tag","embeddable":true,"href":"https:\/\/labarraca1912.es\/pt\/wp-json\/wp\/v2\/product_tag?post=136"}],"curies":[{"name":"wp","href":"https:\/\/api.w.org\/{rel}","templated":true}]}}